{"id":6993,"date":"2020-05-13T21:36:32","date_gmt":"2020-05-13T21:36:32","guid":{"rendered":"https:\/\/donna-cristina.ch\/produkt\/stravecchia-di-amarone\/"},"modified":"2025-01-07T14:53:44","modified_gmt":"2025-01-07T14:53:44","slug":"stravecchia-di-amarone","status":"publish","type":"product","link":"https:\/\/donna-cristina.ch\/fr\/stravecchia-di-amarone\/","title":{"rendered":"Stravecchia di Amarone"},"content":{"rendered":"<p><strong>Produit<\/strong>: Grappa<br \/>\n<strong>Id\u00e9al comme<\/strong>: Digestif et pour la d\u00e9tente<br \/>\n<strong>Pays<\/strong>: Italie<br \/>\n<strong>R\u00e9gion<\/strong>: Veneto<br \/>\n<strong>Format<\/strong>: 0.70l<br \/>\n<strong>Ar\u00f4mes<\/strong>: Recioto et \u00e9pices<br \/>\n<strong>Alcool<\/strong>: 40%<br \/>\n<strong>Temp\u00e9rature<\/strong>: Servir \u00e0 temp\u00e9rature ambiante<\/p>\n","protected":false},"excerpt":{"rendered":"<p>Produit exceptionnel disponible en quantit\u00e9s limit\u00e9es: Pour \u00eatre consid\u00e9r\u00e9e une Stravecchia\u00a0 cette Grappa doit suivre des r\u00e8gles strictes de pr\u00e9paration. Les peaux du raisin doivent \u00eatre distill\u00e9es imm\u00e9diatement apr\u00e8s la<br \/>\nfermentation dans des alambics discontinus. Pendant\u00a0 18 ans de repos dans des barriques fran\u00e7aises scell\u00e9s et plomb\u00e9es, cette Grappa d\u00e9veloppe des notes \u00e9pic\u00e9es et un caract\u00e8re fort et harmonieux. La couleur est ambr\u00e9e.<br \/>\nLa d\u00e9gustation est recommand\u00e9e \u00e0 temp\u00e9rature ambiante. Savourer dans des verres \u00e0 cognac.<\/p>\n","protected":false},"featured_media":6421,"comment_status":"closed","ping_status":"closed","template":"","meta":[],"product_brand":[],"product_cat":[72],"product_tag":[],"class_list":{"0":"post-6993","1":"product","2":"type-product","3":"status-publish","4":"has-post-thumbnail","6":"product_cat-spiritueux","7":"pa_weinregion-piemont-fr","9":"first","10":"instock","11":"shipping-taxable","12":"purchasable","13":"product-type-simple"},"_links":{"self":[{"href":"https:\/\/donna-cristina.ch\/fr\/wp-json\/wp\/v2\/product\/6993","targetHints":{"allow":["GET"]}}],"collection":[{"href":"https:\/\/donna-cristina.ch\/fr\/wp-json\/wp\/v2\/product"}],"about":[{"href":"https:\/\/donna-cristina.ch\/fr\/wp-json\/wp\/v2\/types\/product"}],"replies":[{"embeddable":true,"href":"https:\/\/donna-cristina.ch\/fr\/wp-json\/wp\/v2\/comments?post=6993"}],"wp:featuredmedia":[{"embeddable":true,"href":"https:\/\/donna-cristina.ch\/fr\/wp-json\/wp\/v2\/media\/6421"}],"wp:attachment":[{"href":"https:\/\/donna-cristina.ch\/fr\/wp-json\/wp\/v2\/media?parent=6993"}],"wp:term":[{"taxonomy":"product_brand","embeddable":true,"href":"https:\/\/donna-cristina.ch\/fr\/wp-json\/wp\/v2\/product_brand?post=6993"},{"taxonomy":"product_cat","embeddable":true,"href":"https:\/\/donna-cristina.ch\/fr\/wp-json\/wp\/v2\/product_cat?post=6993"},{"taxonomy":"product_tag","embeddable":true,"href":"https:\/\/donna-cristina.ch\/fr\/wp-json\/wp\/v2\/product_tag?post=6993"}],"curies":[{"name":"wp","href":"https:\/\/api.w.org\/{rel}","templated":true}]}}